{"id":14251,"date":"2021-09-01T11:08:46","date_gmt":"2021-09-01T09:08:46","guid":{"rendered":"https:\/\/beltlamp.com\/faq\/"},"modified":"2021-09-01T11:08:49","modified_gmt":"2021-09-01T09:08:49","slug":"faq","status":"publish","type":"page","link":"https:\/\/beltlamp.com\/sv\/faq\/","title":{"rendered":"FAQ"},"content":{"rendered":"<p>[et_pb_section fb_built=&#8221;1&#8243; _builder_version=&#8221;4.7.4&#8243; _module_preset=&#8221;default&#8221; background_image=&#8221;https:\/\/beltlamp.com\/wp-content\/uploads\/2018\/01\/bg_u.jpg&#8221; parallax=&#8221;on&#8221; parallax_method=&#8221;off&#8221; custom_padding=&#8221;55px||55px||true|&#8221;][et_pb_row _builder_version=&#8221;4.7.4&#8243; _module_preset=&#8221;default&#8221; custom_padding=&#8221;||6px|||&#8221;][et_pb_column type=&#8221;4_4&#8243; _builder_version=&#8221;4.7.4&#8243; _module_preset=&#8221;default&#8221;][et_pb_text _builder_version=&#8221;4.7.4&#8243; _module_preset=&#8221;default&#8221; header_font=&#8221;|700|||||||&#8221; header_text_color=&#8221;#ffffff&#8221; header_font_size=&#8221;60px&#8221; header_2_text_color=&#8221;#ffffff&#8221; header_text_shadow_style=&#8221;preset1&#8243; header_2_text_shadow_style=&#8221;preset1&#8243;]<\/p>\n<h1 style=\"text-align: center;\">FAQ<\/h1>\n<h2 style=\"text-align: center;\">Vanliga fr\u00e5gor<\/h2>\n<p>[\/et_pb_text][\/et_pb_column][\/et_pb_row][\/et_pb_section][et_pb_section fb_built=&#8221;1&#8243; _builder_version=&#8221;4.7.4&#8243; _module_preset=&#8221;default&#8221; background_color=&#8221;#e6e5e1&#8243;][et_pb_row column_structure=&#8221;1_2,1_2&#8243; _builder_version=&#8221;4.7.4&#8243; _module_preset=&#8221;default&#8221;][et_pb_column type=&#8221;1_2&#8243; _builder_version=&#8221;4.7.4&#8243; _module_preset=&#8221;default&#8221;][et_pb_accordion _builder_version=&#8221;4.7.4&#8243; _module_preset=&#8221;default&#8221; hover_enabled=&#8221;0&#8243; sticky_enabled=&#8221;0&#8243; toggle_font=&#8221;|600|||||||&#8221;][et_pb_accordion_item title=&#8221;St\u00e4mmer informationen p\u00e5 www.beltlamp.com om Hikebeam?&#8221; open=&#8221;on&#8221; _builder_version=&#8221;4.7.4&#8243; _module_preset=&#8221;default&#8221;]<\/p>\n<p>Ja. \u2013 Alla kan f\u00e5 det bekr\u00e4ftat genom att ta en egen lampa och f\u00f6rst h\u00e5lla den i pannh\u00f6jd och lysa snett ner mot terr\u00e4nger och d\u00e4refter flytta ner den till b\u00e4ltesh\u00f6jd och l\u00e5ta den lysa fram\u00e5t fr\u00e5n det l\u00e4get. G\u00f6r det flera g\u00e5nger, och se skillnaden! Pr\u00f6va det p\u00e5 lite oj\u00e4mnt underlag, och vid dis\/dimma eller nederb\u00f6rd. Hikebeam ger \u00e4nnu b\u00e4ttre effekt.     <\/p>\n<p>[\/et_pb_accordion_item][et_pb_accordion_item title=&#8221;\u00c4r bilderna som visar skillnader redigerade?&#8221; _builder_version=&#8221;4.7.4&#8243; _module_preset=&#8221;default&#8221; open=&#8221;off&#8221;]<\/p>\n<p>Nej. De \u00e4r tagna utan n\u00e5gra som helst \u00e4ndringar eller justeringar av ljus, kontrast, f\u00e4rg, t\u00e4thet osv. Det som g\u00f6r st\u00f6rst skillnad \u00e4r att lampan sitter i b\u00e4ltesh\u00f6jd i st\u00e4llet f\u00f6r pannh\u00f6jd. Det bilderna ber\u00e4ttar h\u00e4r kan du sj\u00e4lv testa ute i terr\u00e4ngen med vilken lampa som helst. I dimma liknar det skillnaden mellan halvljus och helljus p\u00e5 en bil. En pannlampa lyser rakt in i dimman eller diset. Hikebeam har en l\u00e4gre placering och lyser bara upp marken, inte dimman eller den fallande sn\u00f6n. Det g\u00f6r en otrolig skillnad!        <\/p>\n<p>[\/et_pb_accordion_item][et_pb_accordion_item title=&#8221;Men \u00e4r inte en pannlampa det b\u00e4sta?&#8221; _builder_version=&#8221;4.7.4&#8243; _module_preset=&#8221;default&#8221; open=&#8221;off&#8221;]<\/p>\n<p>Det finns sammanhang d\u00e5 en pannlampa kan vara att f\u00f6redra. Andra g\u00e5nger \u00e4r en ficklampa b\u00e4st. Men p\u00e5 fotvandring och i m\u00e5nga andra sammanhang har Hikebeam klara f\u00f6rdelar. En av dem \u00e4r att den faktiskt kan anv\u00e4ndas som ficklampa, st\u00e4llas upp som str\u00e5lkastare och h\u00e4ngas upp. P\u00e5 vandring \u00e4r pannlampa b\u00e4st om du vi ha ett obekv\u00e4mt tryck mot huvudet och en lampa som du k\u00e4nner tyngden av, som glider ur position och g\u00f6r det sv\u00e5rt att ha m\u00f6ssa, luva eller n\u00e5got annat p\u00e5 huvudet. Och om du f\u00f6redrar en lampa som lyser upp dimma och dis, regn och duggregn, sn\u00f6 och utandningsluft framf\u00f6r dina \u00f6gon (j\u00e4mf\u00f6r genom att h\u00e5lla din lampa i b\u00e4ltesh\u00f6jd). Och om du tycker att det \u00e4r b\u00e4st med en lampa som g\u00f6r att du l\u00e4ttare kan snubbla p\u00e5 r\u00f6tter och stenar som du inte ser s\u00e5 tydligt. Och om du inte vill att hela omr\u00e5det runt dig blir upplyst utan i st\u00e4llet f\u00f6redrar att flytta runt en ljusfl\u00e4ck med hj\u00e4lp av nacken f\u00f6r att v\u00e4xla mellan att se p\u00e5 avst\u00e5nd och p\u00e5 dina f\u00f6tter. Och om du verkligen gillar att bl\u00e4nda andra och sj\u00e4lv bli bl\u00e4ndad av deras pannlampor. Och om du tycker att svettiga lampremmar \u00e4r behagligt och du gillar att de rufsar till frisyren, och om du gillar att insekter dras till ditt ansikte. Och om du inte gillar en lampa som ger dig flexibla m\u00f6jligheter n\u00e4r det g\u00e4ller batterikapacitet. Om du faktiskt f\u00f6redrar pannlampans nackdelar och inte vill ha n\u00e5got som ofta \u00e4r b\u00e4ttre, d\u00e5 \u00e4r en pannlampa det b\u00e4sta!       <\/p>\n<p>[\/et_pb_accordion_item][et_pb_accordion_item title=&#8221;Varf\u00f6r ger Hikebeam starkare ljuseffekt \u00e4n en pannlampa?&#8221; _builder_version=&#8221;4.7.4&#8243; _module_preset=&#8221;default&#8221; open=&#8221;off&#8221;]<\/p>\n<p>D\u00e4rf\u00f6r att lampan kommer n\u00e4rmare marken som den ska lysa upp, och d\u00e4rf\u00f6r att den har en sk\u00e4rm som reflekterar och \u00f6kar belysningen av n\u00e4romr\u00e5det. Den har \u00e4ven Widebeam\u2122, som \u00e4r en unik effekt med ljus i 180\u00b0. Hikebeam utnyttjar b\u00e5de att den \u00e4r n\u00e4rmare marken och att det ljus som vanligtvis str\u00e5lar upp\u00e5t till ingen nytta i st\u00e4llet reflekteras ned\u00e5t. D\u00e4rmed undviker man samtidigt ocks\u00e5 att bl\u00e4nda andra eller att st\u00f6ras av dis, utandningsluft, nederb\u00f6rd osv. Och man f\u00e5r en fantastisk 3D-effekt i terr\u00e4ngen!     <\/p>\n<p>[\/et_pb_accordion_item][et_pb_accordion_item title=&#8221;Varf\u00f6r blir ljuset fr\u00e5n Hikebeam b\u00e4ttre \u00e4n med en ficklampa som man h\u00e5ller i handen?&#8221; _builder_version=&#8221;4.7.4&#8243; _module_preset=&#8221;default&#8221; open=&#8221;off&#8221;]<\/p>\n<p>Med en ficklampa lyser man mest upp p\u00e5 en sida och ljuset blir flackande och oj\u00e4mnt. Med Hikebeam i b\u00e4ltet har du h\u00e4nderna fria och en otroligt stabil och j\u00e4mn belysning av hela n\u00e4romr\u00e5det p\u00e5 b\u00e5da sidor och p\u00e5 v\u00e4gen framf\u00f6r dig, med 3D-effekt. Och utan att bl\u00e4nda dig sj\u00e4lv eller andra.   <\/p>\n<p>[\/et_pb_accordion_item][et_pb_accordion_item title=&#8221;Varf\u00f6r f\u00e4sta lampan i ett separat b\u00e4lte?&#8221; _builder_version=&#8221;4.7.4&#8243; _module_preset=&#8221;default&#8221; open=&#8221;off&#8221;]<\/p>\n<p>Hikebeam \u00e4r gjord f\u00f6r att f\u00e4stas direkt p\u00e5 b\u00e4ltessp\u00e4nnet, mitt p\u00e5 kroppen, f\u00f6r att denna punkt \u00e4r den allra b\u00e4sta att f\u00e4sta en lampa p\u00e5! D\u00e5 kommer lampan n\u00e4rmare marken, och den ger j\u00e4mnt och stadigt ljus med 3D-effekt utan att st\u00f6ras av dimma, nederb\u00f6rd eller utandningsluft. Ett b\u00e4lte runt kroppen \u00e4r mycket bekv\u00e4mare \u00e4n ett \u201db\u00e4lte\u201d runt huvudet. Pr\u00f6va sj\u00e4lv! F\u00e4ster man b\u00e4ltet lite h\u00f6gre upp p\u00e5 \u00f6verkroppen har man ocks\u00e5 frihet att lyfta saker och b\u00f6ja sig ner och kommer \u00e5t jackfickor osv. Och man k\u00e4nner knappt lampans vikt.      <\/p>\n<p>[\/et_pb_accordion_item][et_pb_accordion_item title=&#8221;Och personer som \u00e4r \u00f6vertygade om att inget kan vara b\u00e4ttre \u00e4n en pannlampa d\u00e5?&#8221; _builder_version=&#8221;4.7.4&#8243; _module_preset=&#8221;default&#8221; open=&#8221;off&#8221;]<\/p>\n<p>De har kanske inte pr\u00f6vat Hikebeam fr\u00e5n Beltlamp \u00e4n eller kanske inte anv\u00e4nt den som rekommenderat. M\u00e5nga tycker i alla fall att en pannlampa ger ett obekv\u00e4mt tryck mot huvudet och l\u00e4tt kommer i konflikt med m\u00f6ssa, luva osv. Den kan glida ur position och ger en flackande ljusstr\u00e5le eftersom du st\u00e4ndigt m\u00e5ste anv\u00e4nda nacken f\u00f6r att flytta runt en ljuspunkt. Man upplever att dimma, dis, utandningsluft, sn\u00f6 eller regn st\u00f6r och g\u00f6r detaljerna i terr\u00e4ngen otydligare. Hikebeam \u00e4r en helt ny upplevelse! Alla kan sj\u00e4lva testa genom att h\u00e5lla en lampa v\u00e4xelvis i pannh\u00f6jd och i b\u00e4ltesh\u00f6jd. Hikebeam \u00e4r framf\u00f6r allt gjord f\u00f6r personer som g\u00e5r. Alla tycker inte att den \u00e4r optimal f\u00f6r l\u00f6pning. Men att f\u00e4sta den lagom h\u00f6gt upp p\u00e5 kroppen och lagom tajt och anv\u00e4nda l\u00e4ge 4 p\u00e5 str\u00f6mbrytaren \u00e4r i alla fall helt okej f\u00f6r m\u00e5nga. D\u00e5 ser man ocks\u00e5 b\u00e4st l\u00e5gt h\u00e4ngande grenar.     <\/p>\n<p>[\/et_pb_accordion_item][et_pb_accordion_item title=&#8221;\u00c4r det sant att man med Hikebeam har j\u00e4mn belysning fr\u00e5n f\u00f6tterna och fram\u00e5t?&#8221; _builder_version=&#8221;4.7.4&#8243; _module_preset=&#8221;default&#8221; hover_enabled=&#8221;0&#8243; sticky_enabled=&#8221;0&#8243; open=&#8221;off&#8221;]<\/p>\n<p><span>Ja, och med 3D-effekt, utan att bl\u00e4nda dem man \u00e4r tillsammans med eller m\u00f6ter och utan att st\u00f6ras av sn\u00f6, dimma, utandningsluft osv. Alla som pr\u00f6var kan se det sj\u00e4lva.  <\/span><\/p>\n<p>[\/et_pb_accordion_item][et_pb_accordion_item title=&#8221;\u00c4r det inte obekv\u00e4mt att ha ett extra b\u00e4lte p\u00e5 kroppen?&#8221; _builder_version=&#8221;4.7.4&#8243; _module_preset=&#8221;default&#8221; hover_enabled=&#8221;0&#8243; sticky_enabled=&#8221;0&#8243; open=&#8221;off&#8221;]<\/p>\n<p><span>Nej. Pr\u00f6va sj\u00e4lv! Och p\u00e5 det s\u00e4ttet k\u00e4nner man knappt att lampan v\u00e4ger n\u00e5got. Vissa har redan ett b\u00e4lte p\u00e5 ryggs\u00e4cken eller uniformen, ett ammunitionsb\u00e4lte, verktygsb\u00e4lte, hundf\u00f6rarb\u00e4lte osv. Det \u00e4r i s\u00e5 fall ofta m\u00f6jligt att h\u00e4nga lampan direkt p\u00e5 detta.     <\/span><\/p>\n<p>[\/et_pb_accordion_item][et_pb_accordion_item title=&#8221;Varf\u00f6r har den h\u00e4r typen av lampa inte kommit f\u00f6rr\u00e4n nu?&#8221; _builder_version=&#8221;4.7.4&#8243; _module_preset=&#8221;default&#8221; hover_enabled=&#8221;0&#8243; sticky_enabled=&#8221;0&#8243; open=&#8221;off&#8221;]<\/p>\n<p><span>Det undrar vi ocks\u00e5. Just den fr\u00e5gan g\u00e4ller f\u00f6r v\u00e4ldigt m\u00e5nga saker. Varf\u00f6r har man under flera \u00e5rhundraden till exempel k\u00e5nkat och burit p\u00e5 koffertar och resv\u00e4skor och f\u00f6rst nyligen f\u00e5tt id\u00e9n att s\u00e4tta hjul p\u00e5 dem? Hjulet som uppfanns p\u00e5 sten\u00e5ldern \u201duppfanns\u201d under v\u00e5r tid p\u00e5 nytt f\u00f6r resv\u00e4skor och soptunnor! Lampor i alla slags former har det funnits i alla tider. Men v\u00e4ldigt f\u00e5 har uppt\u00e4ckt att de ger b\u00e4st effekt n\u00e4r de f\u00e4sts mitt i kroppen, i b\u00e4ltesh\u00f6jd. Varf\u00f6r? Det har vi inte n\u00e5got svar p\u00e5. <\/span><\/p>\n<p>[\/et_pb_accordion_item][et_pb_accordion_item title=&#8221;Kan Hikebeam anv\u00e4ndas vid l\u00f6pning?&#8221; _builder_version=&#8221;4.7.4&#8243; _module_preset=&#8221;default&#8221; hover_enabled=&#8221;0&#8243; sticky_enabled=&#8221;0&#8243; open=&#8221;off&#8221;]<\/p>\n<p><span>M\u00e5nga tycker att den fungerar bra d\u00e5 med, \u00e4ven om den fr\u00e4mst \u00e4r utvecklad f\u00f6r personer som g\u00e5r. Det \u00e4r nog lite olika fr\u00e5n person till person. Men det \u00e4r i alla fall en stor f\u00f6rdel att ha ljus vid f\u00f6tterna s\u00e5 att du kan se var du s\u00e4tter dem. Du slipper ocks\u00e5 allt obehag med att ha n\u00e5got f\u00e4st vid huvudet. Pr\u00f6va sj\u00e4lv. Vid l\u00f6pning rekommenderar vi att man klickar sig till l\u00e4ge 4 d\u00e4r man har p\u00e5 sidolamporna p\u00e5 h\u00f6gsta styrkan. Det ger den j\u00e4mnaste belysningen av hela n\u00e4romr\u00e5det s\u00e5 att man b\u00e4st ser var man ska s\u00e4tta f\u00f6tterna vid l\u00f6pning i terr\u00e4ngen. Det \u00e4r ocks\u00e5 den b\u00e4sta belysningen n\u00e4r man g\u00e5r i brant terr\u00e4ng och i dimma och liknande.        <\/span><\/p>\n<p>[\/et_pb_accordion_item][et_pb_accordion_item title=&#8221;St\u00e4mmer det att man kan st\u00e4lla Hikebeam p\u00e5 marken som arbetsbelysning eller en liten str\u00e5lkastare?&#8221; _builder_version=&#8221;4.7.4&#8243; _module_preset=&#8221;default&#8221; hover_enabled=&#8221;0&#8243; sticky_enabled=&#8221;0&#8243; open=&#8221;off&#8221;]<\/p>\n<p><span>Ja! Det \u00e4r en j\u00e4ttebra bonusf\u00f6rdel. Den kan ocks\u00e5 h\u00e4ngas i ett sn\u00f6re, p\u00e5 en gren eller liknande.   <\/span><\/p>\n<p>[\/et_pb_accordion_item][et_pb_accordion_item title=&#8221;Kan man anv\u00e4nda vilken powerbank som helst till Hikebeam?&#8221; _builder_version=&#8221;4.7.4&#8243; _module_preset=&#8221;default&#8221; hover_enabled=&#8221;0&#8243; sticky_enabled=&#8221;0&#8243; open=&#8221;off&#8221;]<\/p>\n<p><span>V\u00e5r garanti g\u00e4ller bara vid anv\u00e4ndning av powerbank\/batteri som medf\u00f6ljer lampan och inte vid andra str\u00f6mk\u00e4llor. Det \u00e4r m\u00f6jligt att ha flera Hikebeam-batterier med sig och byta n\u00e4r man anv\u00e4nder lampan p\u00e5 l\u00e4ngre vandringar eller aktiviteter. Man kan ladda dessa med en annan powerbank, pc, laddare eller liknande med vanlig USB-anslutning.     <\/span><\/p>\n<p>[\/et_pb_accordion_item][et_pb_accordion_item title=&#8221;Kan man koppla flera batterier till lampan samtidigt?&#8221; _builder_version=&#8221;4.7.4&#8243; _module_preset=&#8221;default&#8221; hover_enabled=&#8221;0&#8243; sticky_enabled=&#8221;0&#8243; open=&#8221;off&#8221;]<\/p>\n<p><span>Nej. Det ska bara vara ett externt batteri kopplat till lampan och inte flera batterier i serie.  <\/span><\/p>\n<p>[\/et_pb_accordion_item][et_pb_accordion_item title=&#8221;Var kan man k\u00f6pa Hikebeam?&#8221; _builder_version=&#8221;4.7.4&#8243; _module_preset=&#8221;default&#8221; hover_enabled=&#8221;0&#8243; sticky_enabled=&#8221;0&#8243; open=&#8221;off&#8221;]<\/p>\n<p>Den finns nu att k\u00f6pa i v\u00e5r n\u00e4tbutik h\u00e4r p\u00e5 webbplatsen. Skickas via Postnord fr\u00e5n ett lager i Oslo. Inom kort kommer den \u00e4ven att kunna best\u00e4llas fr\u00e5n andra l\u00e4nder. Den finns f\u00f6r n\u00e4rvarande inte att k\u00f6pa i butiker i Sverige. Uppdaterad information finns p\u00e5 webbplatsen.     <\/p>\n<p>Ber\u00e4tta om Hikebeam fr\u00e5n Beltlamp AS f\u00f6r dem som du handlar din friluftsutrustning av. Vi vill f\u00e5 kontakt med s\u00e5 m\u00e5nga seri\u00f6sa \u00e5terf\u00f6rs\u00e4ljare\/kedjor som m\u00f6jligt, s\u00e5 sm\u00e5ningom i m\u00e5nga l\u00e4nder. Ber\u00e4tta om Hikebeam f\u00f6r dina v\u00e4nner och bekanta, \u00e4ven i andra l\u00e4nder. Be dem bes\u00f6ka v\u00e5r webbplats: beltlamp.com. Vi vill knyta kontakt med \u00e5terf\u00f6rs\u00e4ljare i alla l\u00e4nder d\u00e4r det \u00e4r aktuellt.      <\/p>\n<p>[\/et_pb_accordion_item][et_pb_accordion_item title=&#8221;Vad ska till f\u00f6r att du ska kunna k\u00f6pa Hikebeam-lampan d\u00e4r du brukar handla vandringsutrustning?&#8221; _builder_version=&#8221;4.7.4&#8243; _module_preset=&#8221;default&#8221; hover_enabled=&#8221;0&#8243; sticky_enabled=&#8221;0&#8243; open=&#8221;off&#8221;]<\/p>\n<p>Ber\u00e4tta f\u00f6r din \u00e5terf\u00f6rs\u00e4ljare\/kedja om Hikebeam\u00ae fr\u00e5n Beltlamp AS och om en helt ny lampa och om webbplatsen! <\/p>\n<p>. <\/p>\n<p>[\/et_pb_accordion_item][et_pb_accordion_item title=&#8221;Vart ska man v\u00e4nda sig med en eventuell reklamation? &#8221; _builder_version=&#8221;4.7.4&#8243; _module_preset=&#8221;default&#8221; hover_enabled=&#8221;0&#8243; sticky_enabled=&#8221;0&#8243; open=&#8221;off&#8221;]<\/p>\n<p><span>Ta kontakt d\u00e4r du k\u00f6pte lampan. Se \u00e4ven information p\u00e5 v\u00e5r webbplats.  <\/span><\/p>\n<p>[\/et_pb_accordion_item][et_pb_accordion_item title=&#8221;St\u00e4mmer det verkligen att man inte bl\u00e4ndar andra med Hikebeam?&#8221; _builder_version=&#8221;4.7.4&#8243; _module_preset=&#8221;default&#8221; hover_enabled=&#8221;0&#8243; sticky_enabled=&#8221;0&#8243; open=&#8221;off&#8221;]<\/p>\n<p><span>Ja! Det \u00e4r absolut en stor f\u00f6rdel med den h\u00e4r lampan! Men sm\u00e5 barn som g\u00e5r tillsammans med vuxna kan bli bl\u00e4ndade, s\u00e5 man b\u00f6r visa h\u00e4nsyn. Om man g\u00e5r med barnen alldeles vid sidan om sig kan man undvika att bl\u00e4nda dem. Man kan vrida ner ljusstr\u00e5len lite f\u00f6r att undvika att bl\u00e4nda personer man m\u00f6ter. Man kan ocks\u00e5 visa djur h\u00e4nsyn s\u00e5 l\u00e5ngt det g\u00e5r!      <\/span><\/p>\n<p>[\/et_pb_accordion_item][et_pb_accordion_item title=&#8221;Har Hikebeam n\u00e5gra nackdelar? &#8221; _builder_version=&#8221;4.7.4&#8243; _module_preset=&#8221;default&#8221; hover_enabled=&#8221;0&#8243; sticky_enabled=&#8221;0&#8243; open=&#8221;off&#8221;]<\/p>\n<p>R\u00e4tt anv\u00e4nd finner man s\u00e5 gott som alltid f\u00f6rdelar. H\u00e4r p\u00e5 webbplatsen hittar du mycket information om det.  <\/p>\n<p>Vid vissa typer av aktiviteter, som l\u00f6pning, kan b\u00e4ltet f\u00e4stas h\u00f6gre upp p\u00e5 kroppen. D\u00e5 \u00e4r ocks\u00e5 ljusl\u00e4ge 4 b\u00e4st. Det \u00e4r ocks\u00e5 b\u00e4st i ol\u00e4ndig och brant terr\u00e4ng och i omr\u00e5den med l\u00e5gt h\u00e4ngande grenar. Med n\u00e5gra sm\u00e5 justeringar tror vi att det \u00e4r mycket s\u00e4llan som man inte upplever stora f\u00f6rdelar med att anv\u00e4nda Hikebeam.  <\/p>\n<p>[\/et_pb_accordion_item][\/et_pb_accordion][\/et_pb_column][et_pb_column type=&#8221;1_2&#8243; _builder_version=&#8221;4.7.4&#8243; _module_preset=&#8221;default&#8221;][et_pb_accordion _builder_version=&#8221;4.7.4&#8243; _module_preset=&#8221;default&#8221; hover_enabled=&#8221;0&#8243; sticky_enabled=&#8221;0&#8243; toggle_font=&#8221;|600|||||||&#8221;][et_pb_accordion_item title=&#8221;Hur l\u00e4nge h\u00e5ller batteriet?&#8221; _builder_version=&#8221;4.7.4&#8243; _module_preset=&#8221;default&#8221; open=&#8221;on&#8221; hover_enabled=&#8221;0&#8243; sticky_enabled=&#8221;0&#8243;]<\/p>\n<p>Med bara huvudlampan p\u00e5 p\u00e5 det starkaste l\u00e4get har du ljus i \u00f6ver 1 timme med det inbyggda batteriet. Med det externa batteriet anslutet varar ljuset vid full ljusstyrka i mer \u00e4n 6 timmar, och med den svagaste ljusstyrkan p\u00e5 huvudlampan i ca 30 timmar. Det starkaste ljuset med Widebeam varar ocks\u00e5 i ca 1 timme med det inbyggda batteriet och ca 6 timmar med det externa batteriet anslutet.      <\/p>\n<p>P\u00e5 l\u00e4ngre vandringar b\u00f6r man byta externt batteri n\u00e4r det blir urladdat efter ca 5 timmar. D\u00e5 finns det hela tiden en reserv i det inbyggda batteriet   <\/p>\n<p>Med bara sidolamporna p\u00e5 p\u00e5 det svagaste l\u00e4get har du str\u00f6m i ca 8 timmar med det inbyggda batteriet. Med det externa batteriet som komplement varar det i ca 40 timmar.   <\/p>\n<p>[\/et_pb_accordion_item][et_pb_accordion_item title=&#8221;Hur l\u00e5ng tid tar det att ladda batteriet?&#8221; _builder_version=&#8221;4.7.4&#8243; _module_preset=&#8221;default&#8221; hover_enabled=&#8221;0&#8243; sticky_enabled=&#8221;0&#8243;]<\/p>\n<p><span>Full laddning av det externa batteriet tar ca 4 timmar. Det inbyggda laddas p\u00e5 ca 2 timmar. Men laddningstiden kan variera beroende p\u00e5 laddningsk\u00e4lla.     <\/span><\/p>\n<p>[\/et_pb_accordion_item][et_pb_accordion_item title=&#8221;T\u00e5l lampan vatten?&#8221; _builder_version=&#8221;4.7.4&#8243; _module_preset=&#8221;default&#8221; hover_enabled=&#8221;0&#8243; sticky_enabled=&#8221;0&#8243;]<\/p>\n<p><span>V\u00e4tskeskyddet \u00e4r IPX4 vid korrekt anv\u00e4ndning: Med locket \u00f6ver uttaget t\u00e4tt tillslutet eller med originalkontakt inkopplad och med skyddsk\u00e5pan korrekt placerad t\u00e5l den alla typer av v\u00e4der. Var f\u00f6rsiktig och se till att inte f\u00e5 vatten i kontaktpunkterna p\u00e5 lampan eller det externa batteriet! Det ing\u00e5r ett fodral till batteriet. Det kan f\u00e4stas i b\u00e4ltet, och batteriet t\u00e5l ocks\u00e5 s\u00e5 gott som alla typer av v\u00e4der \u2013 vid normal och avsedd anv\u00e4ndning. Garantin t\u00e4cker produktionsfel men inte felaktig anv\u00e4ndning. Med tillr\u00e4cklig omsorg kan du ha en fantastiskt bra lampa under l\u00e5ng tid. Man k\u00f6r inte bilen genom biltv\u00e4tten med \u00f6ppna f\u00f6nster och h\u00e4vdar efter\u00e5t att bilen inte \u00e4r t\u00e4t. R\u00e4tt anv\u00e4nd t\u00e5l lampan alla v\u00e4der man st\u00f6ter p\u00e5 i vanliga vandringssammanhang. Det kan vi garantera!         <\/span><\/p>\n<p>[\/et_pb_accordion_item][et_pb_accordion_item title=&#8221;Hur mycket v\u00e4ger den?&#8221; _builder_version=&#8221;4.7.4&#8243; _module_preset=&#8221;default&#8221; hover_enabled=&#8221;0&#8243; sticky_enabled=&#8221;0&#8243;]<\/p>\n<p><span>Sj\u00e4lva lampan v\u00e4ger 220 g. Med batteri och b\u00e4lte v\u00e4ger den 320 g. En skillnad mot en pannlampa \u00e4r att lampan upplevs som viktl\u00f6s n\u00e4r den sitter i b\u00e4ltet och att den ger m\u00f6jlighet till flexibel batterikapacitet! Den \u00e4r v\u00e4ldigt bekv\u00e4m att anv\u00e4nda och ger dessutom fantastiskt bra belysning med m\u00e5nga f\u00f6rdelar.    <\/span><\/p>\n<p>[\/et_pb_accordion_item][et_pb_accordion_item title=&#8221;Kan den anv\u00e4ndas av personer i alla \u00e5ldrar?&#8221; _builder_version=&#8221;4.7.4&#8243; _module_preset=&#8221;default&#8221; hover_enabled=&#8221;0&#8243; sticky_enabled=&#8221;0&#8243;]<\/p>\n<p><span>Ja. Alla som \u00e4r stora nog att g\u00e5 f\u00f6r egen maskin kan anv\u00e4nda Hikebeam. B\u00e4ltet \u00e4r flexibelt och kan anpassas till alla vanliga storlekar. N\u00e4r barn och vuxna g\u00e5r tillsammans kan det h\u00e4nda att barnen blir bl\u00e4ndade, s\u00e5 man m\u00e5ste visa h\u00e4nsyn. Det b\u00e4sta \u00e4r om barnen g\u00e5r alldeles vid sidan av de vuxna. N\u00e4r vuxna g\u00e5r tillsammans undviker man vanligtvis helt att bl\u00e4nda varandra. Man kan ocks\u00e5 visa h\u00e4nsyn och justera lampan s\u00e5 att den inte bl\u00e4ndar personer man m\u00f6ter.       <\/span><\/p>\n<p>[\/et_pb_accordion_item][et_pb_accordion_item title=&#8221;Finns den i olika f\u00e4rger?&#8221; _builder_version=&#8221;4.7.4&#8243; _module_preset=&#8221;default&#8221; hover_enabled=&#8221;0&#8243; sticky_enabled=&#8221;0&#8243;]<\/p>\n<p><span>Till att b\u00f6rja med finns den bara i en f\u00e4rg. Sedan f\u00e5r tiden utvisa &#8230; <\/span><\/p>\n<p>[\/et_pb_accordion_item][et_pb_accordion_item title=&#8221;F\u00f6ljer det med en bra bruksanvisning?&#8221; _builder_version=&#8221;4.7.4&#8243; _module_preset=&#8221;default&#8221; hover_enabled=&#8221;0&#8243; sticky_enabled=&#8221;0&#8243;]<\/p>\n<p><span>Ja. Den kommer att vara enkel och kort med h\u00e4nvisning till mer information p\u00e5 den h\u00e4r webbsidan, www.beltlamp.com. <\/span><\/p>\n<p>[\/et_pb_accordion_item][et_pb_accordion_item title=&#8221;Hur l\u00e5ng garantitid \u00e4r det p\u00e5 lampan?&#8221; _builder_version=&#8221;4.7.4&#8243; _module_preset=&#8221;default&#8221; hover_enabled=&#8221;0&#8243; sticky_enabled=&#8221;0&#8243;]<\/p>\n<p><span>Det kommer att variera efter reglerna i olika l\u00e4nder. Spara kvittot. Garantin omfattar bara produktfel och inte vanligt slitage eller skador till f\u00f6ljd av oavsedd anv\u00e4ndning.   <\/span><\/p>\n<p>[\/et_pb_accordion_item][et_pb_accordion_item title=&#8221;\u00c4r det farligt att f\u00e5 ljuset fr\u00e5n lampan i \u00f6gonen?&#8221; _builder_version=&#8221;4.7.4&#8243; _module_preset=&#8221;default&#8221; hover_enabled=&#8221;0&#8243; sticky_enabled=&#8221;0&#8243;]<\/p>\n<p><span>Starkt ljus \u00e4r obehagligt och b\u00f6r undvikas. Om man bara ett \u00f6gonblick bl\u00e4ndas av en ljusglimt finns det ingen anledning att anse det som farligt, och det \u00e4r inte farligare \u00e4n andra motsvarande ljusk\u00e4llor, men man b\u00f6r undvika det. Det \u00e4r obehagligt och f\u00f6rs\u00e4mrar m\u00f6rkerseendet en stund. Med Hikebeam har man den b\u00e4sta m\u00f6jligheten att undvika att bl\u00e4nda andra.   <\/span><\/p>\n<p>[\/et_pb_accordion_item][et_pb_accordion_item title=&#8221;G\u00e5r det att k\u00f6pa fler batterier s\u00e5 att man kan ta med extrabatterier p\u00e5 vandringen?&#8221; _builder_version=&#8221;4.7.4&#8243; _module_preset=&#8221;default&#8221; hover_enabled=&#8221;0&#8243; sticky_enabled=&#8221;0&#8243;]<\/p>\n<p><span>Ja. Det kommer man att kunna g\u00f6ra, och vi rekommenderar dem som beh\u00f6ver lampan p\u00e5 l\u00e4ngre vandringar att ha flera batterier. Batterier har minskad effekt i kyla. Standardbatteriet ger 80 % effekt vid -10 grader. Se till att ha tillr\u00e4cklig batterikapacitet f\u00f6r ditt behov! Standardbatteriet har en kapacitet p\u00e5 5 000 mAh. Det finns ett alternativ med 10 000 mAh som ocks\u00e5 fungerar extra bra i kyla. Det ger ca 12 timmar med 400 lumen i vanliga temperaturf\u00f6rh\u00e5llanden (och 80 % prestanda vid -20\u00b0.)         <\/span><\/p>\n<p>[\/et_pb_accordion_item][et_pb_accordion_item title=&#8221;Kan Hikebeam anv\u00e4ndas vid cykling?&#8221; _builder_version=&#8221;4.7.4&#8243; _module_preset=&#8221;default&#8221; hover_enabled=&#8221;0&#8243; sticky_enabled=&#8221;0&#8243;]<\/p>\n<p><span>\u00c5sikterna om detta kommer f\u00f6rmodligen att variera fr\u00e5n person till person. Vi planerar en f\u00e4stanordning f\u00f6r cyklar. F\u00f6rmodligen kommer det att bli ett mycket bra alternativ.   <\/span><\/p>\n<p>[\/et_pb_accordion_item][et_pb_accordion_item title=&#8221;Har Hikebeam flera olika ljusstyrkor?&#8221; _builder_version=&#8221;4.7.4&#8243; _module_preset=&#8221;default&#8221; hover_enabled=&#8221;0&#8243; sticky_enabled=&#8221;0&#8243;]<\/p>\n<p>Ja, 6 varianter: Genom att trycka p\u00e5 str\u00f6mbrytaren kan man \u00e4ndra enligt f\u00f6ljande: Huvudlampa: svag \u2013 starkare \u2013 starkast. D\u00e4refter med Widebeam: stark \u2013 svagare \u2013 och svagast, bara Widebeam. Maxstyrkan p\u00e5 huvudlampan \u00e4r 400 lumen, och var och en av sidolamporna har max 100 lumen.   <\/p>\n<p>Den relativa ljuseffekten blir st\u00f6rre med Hikebeam \u00e4n med en pannlampa d\u00e4rf\u00f6r att den kommer n\u00e4rmare marken och dessutom har en reflekterande sk\u00e4rm. Man kan st\u00e4nga av lampan genom att h\u00e5lla inne knappen i 2 sekunder eller trycka sig igenom ljusalternativen.  <\/p>\n<p>[\/et_pb_accordion_item][et_pb_accordion_item title=&#8221;Vad f\u00f6r slags tillbeh\u00f6r medf\u00f6ljer n\u00e4r man k\u00f6per Hikebeam?&#8221; _builder_version=&#8221;4.7.4&#8243; _module_preset=&#8221;default&#8221; hover_enabled=&#8221;0&#8243; sticky_enabled=&#8221;0&#8243;]<\/p>\n<p><span>F\u00f6rutom lampan medf\u00f6ljer batteri, kabel, b\u00e4lte och batterifodral att h\u00e4nga p\u00e5 b\u00e4ltet. Extrabatterier kan k\u00f6pas till.  <\/span><\/p>\n<p>[\/et_pb_accordion_item][et_pb_accordion_item title=&#8221;\u00c4r lampan brandfarlig?&#8221; _builder_version=&#8221;4.7.4&#8243; _module_preset=&#8221;default&#8221; hover_enabled=&#8221;0&#8243; sticky_enabled=&#8221;0&#8243;]<\/p>\n<p><span>Nej, inte om den anv\u00e4nds som avsett. Man kan k\u00e4nna viss v\u00e4rme p\u00e5 utsidan vid anv\u00e4ndning inomhus med stark belysning. Man b\u00f6r d\u00e4rf\u00f6r alltid undvika att lampan blir liggande under kl\u00e4der eller s\u00e4ngkl\u00e4der, s\u00e4rskilt med stark ljusstyrka p\u00e5.   <\/span><\/p>\n<p>[\/et_pb_accordion_item][et_pb_accordion_item title=&#8221;Kan man f\u00e5 grupp- eller familjerabatt om man k\u00f6per flera?&#8221; _builder_version=&#8221;4.7.4&#8243; _module_preset=&#8221;default&#8221; hover_enabled=&#8221;0&#8243; sticky_enabled=&#8221;0&#8243;]<\/p>\n<p><span>Som utg\u00e5ngspunkt finns det inget s\u00e5dant uppl\u00e4gg. Det m\u00e5ste i s\u00e5 fall g\u00f6ras upp med den enskilda \u00e5terf\u00f6rs\u00e4ljaren. <\/span><\/p>\n<p>[\/et_pb_accordion_item][et_pb_accordion_item title=&#8221;Kan man ha med Hikebeam p\u00e5 flyget?&#8221; _builder_version=&#8221;4.7.4&#8243; _module_preset=&#8221;default&#8221; hover_enabled=&#8221;0&#8243; sticky_enabled=&#8221;0&#8243;]<\/p>\n<p><span>Det skulle inte inneb\u00e4ra n\u00e5gra problem med en eller n\u00e5gra f\u00e5 lampor i bagaget.<\/span><\/p>\n<p>[\/et_pb_accordion_item][et_pb_accordion_item title=&#8221;Till vilka anv\u00e4ndningsomr\u00e5den kan jag anv\u00e4nda lampan?&#8221; _builder_version=&#8221;4.7.4&#8243; _module_preset=&#8221;default&#8221; hover_enabled=&#8221;0&#8243; sticky_enabled=&#8221;0&#8243;]<\/p>\n<p><span>Till all slags vandring i skog och mark, i polaromr\u00e5den eller \u00f6ken, p\u00e5 fj\u00e4ll och stigar. Den l\u00e4mpar sig \u00e4ven till exempel f\u00f6r arbete med att h\u00e4mta eller stapla ved, arbete med t\u00e4lt osv., tillsyn av egendom eller djur eller andra aktiviteter i m\u00f6rker. F\u00f6rmodligen finns det f\u00e5 platser som den inte \u00e4r l\u00e4mpad f\u00f6r. Men vanlig pannlampa passar nog b\u00e4st om du st\u00e5r b\u00f6jd \u00f6ver en bilmotor, kl\u00e4ttrar vertikalt eller i vissa andra mycket specifika sammanhang.    <\/span><\/p>\n<p>[\/et_pb_accordion_item][et_pb_accordion_item title=&#8221;Ser det inte lite konstigt och ovant ut att g\u00e5 med Hikebeam i ett b\u00e4lte?&#8221; _builder_version=&#8221;4.7.4&#8243; _module_preset=&#8221;default&#8221; hover_enabled=&#8221;0&#8243; sticky_enabled=&#8221;0&#8243;]<\/p>\n<p><span>Kanske det, n\u00e4r man inte \u00e4r van vid det. Men det \u00e4r en mycket b\u00e4ttre och behagligare belysning, och det \u00e4r n\u00e5got man helt enkelt v\u00e4njer sig vid. Och i m\u00f6rker \u00e4r detta en faktor som knappast spelar n\u00e5gon roll.  <\/span><\/p>\n<p>[\/et_pb_accordion_item][et_pb_accordion_item title=&#8221;Finns det en god anledning till att k\u00f6pa en Hikebeam-lampa?&#8221; _builder_version=&#8221;4.7.4&#8243; _module_preset=&#8221;default&#8221; hover_enabled=&#8221;0&#8243; sticky_enabled=&#8221;0&#8243;]<\/p>\n<p><span>Inte bara en, utan M\u00c5NGA goda anledningar! Du hittar n\u00e5gra av dem under F\u00d6RDELAR.    <\/span><\/p>\n<p>[\/et_pb_accordion_item][\/et_pb_accordion][\/et_pb_column][\/et_pb_row][\/et_pb_section]<\/p>\n","protected":false},"excerpt":{"rendered":"<p>FAQ Vanliga fr\u00e5gorJa. \u2013 Alla kan f\u00e5 det bekr\u00e4ftat genom att ta en egen lampa och f\u00f6rst h\u00e5lla den i pannh\u00f6jd och lysa snett ner mot terr\u00e4nger och d\u00e4refter flytta ner den till b\u00e4ltesh\u00f6jd och l\u00e5ta den lysa fram\u00e5t fr\u00e5n det l\u00e4get. G\u00f6r det flera g\u00e5nger, och se skillnaden! Pr\u00f6va det p\u00e5 lite oj\u00e4mnt underlag, [&hellip;]<\/p>\n","protected":false},"author":9,"featured_media":0,"parent":0,"menu_order":0,"comment_status":"closed","ping_status":"closed","template":"","meta":{"_et_pb_use_builder":"on","_et_pb_old_content":"","_et_gb_content_width":"","om_disable_all_campaigns":false,"_monsterinsights_skip_tracking":false,"_monsterinsights_sitenote_active":false,"_monsterinsights_sitenote_note":"","_monsterinsights_sitenote_category":0,"_uf_show_specific_survey":0,"_uf_disable_surveys":false,"footnotes":""},"class_list":["post-14251","page","type-page","status-publish","hentry"],"aioseo_notices":[],"_links":{"self":[{"href":"https:\/\/beltlamp.com\/sv\/wp-json\/wp\/v2\/pages\/14251","targetHints":{"allow":["GET"]}}],"collection":[{"href":"https:\/\/beltlamp.com\/sv\/wp-json\/wp\/v2\/pages"}],"about":[{"href":"https:\/\/beltlamp.com\/sv\/wp-json\/wp\/v2\/types\/page"}],"author":[{"embeddable":true,"href":"https:\/\/beltlamp.com\/sv\/wp-json\/wp\/v2\/users\/9"}],"replies":[{"embeddable":true,"href":"https:\/\/beltlamp.com\/sv\/wp-json\/wp\/v2\/comments?post=14251"}],"version-history":[{"count":0,"href":"https:\/\/beltlamp.com\/sv\/wp-json\/wp\/v2\/pages\/14251\/revisions"}],"wp:attachment":[{"href":"https:\/\/beltlamp.com\/sv\/wp-json\/wp\/v2\/media?parent=14251"}],"curies":[{"name":"wp","href":"https:\/\/api.w.org\/{rel}","templated":true}]}}